{"id":135,"date":"2023-08-21T13:32:23","date_gmt":"2023-08-21T18:32:23","guid":{"rendered":"https:\/\/psicologaperu.com\/?page_id=135"},"modified":"2023-08-29T16:08:24","modified_gmt":"2023-08-29T21:08:24","slug":"terapia-psicologica-para-pareja-y-familia","status":"publish","type":"page","link":"https:\/\/psicologaperu.com\/?page_id=135","title":{"rendered":"Terapia psicol\u00f3gica para pareja y familia"},"content":{"rendered":"<p>[et_pb_section fb_built=\u00bb1&#8243; _builder_version=\u00bb4.21.2&#8243; _module_preset=\u00bbdefault\u00bb background_color=\u00bbrgba(0,0,0,0.63)\u00bb background_image=\u00bbhttps:\/\/psicologaperu.com\/wp-content\/uploads\/2023\/08\/padres-e-hijos-haciendo-terapia.webp\u00bb background_blend=\u00bbmultiply\u00bb custom_padding=\u00bb87px||75px|||\u00bb global_colors_info=\u00bb{}\u00bb][et_pb_row _builder_version=\u00bb4.21.2&#8243; _module_preset=\u00bbdefault\u00bb custom_margin=\u00bb|auto|26px|auto||\u00bb global_colors_info=\u00bb{}\u00bb][et_pb_column type=\u00bb4_4&#8243; _builder_version=\u00bb4.21.2&#8243; _module_preset=\u00bbdefault\u00bb global_colors_info=\u00bb{}\u00bb][et_pb_text _builder_version=\u00bb4.21.2&#8243; _module_preset=\u00bbdefault\u00bb header_text_align=\u00bbcenter\u00bb header_text_color=\u00bb#FFFFFF\u00bb header_font_size=\u00bb50px\u00bb header_line_height=\u00bb1.3em\u00bb header_text_shadow_style=\u00bbpreset2&#8243; global_colors_info=\u00bb{}\u00bb]<\/p>\n<h1>Terapia psicol\u00f3gica para pareja y familia<\/h1>\n<p>[\/et_pb_text][et_pb_text _builder_version=\u00bb4.21.2&#8243; _module_preset=\u00bbdefault\u00bb text_text_color=\u00bb#FFFFFF\u00bb text_orientation=\u00bbcenter\u00bb hover_enabled=\u00bb0&#8243; global_colors_info=\u00bb{}\u00bb sticky_enabled=\u00bb0&#8243;]<\/p>\n<p>Al equiparlos de habilidades emocionales, promuevo relaciones saludables y equilibradas previniendo conflictos futuros y fortaleciendo la cohesi\u00f3n familiar.<\/p>\n<p>[\/et_pb_text][et_pb_button button_url=\u00bbhttps:\/\/wa.link\/4ijif6&#8243; button_text=\u00bbAgendar cita\u00bb button_alignment=\u00bbcenter\u00bb _builder_version=\u00bb4.21.2&#8243; _module_preset=\u00bbdefault\u00bb global_colors_info=\u00bb{}\u00bb][\/et_pb_button][\/et_pb_column][\/et_pb_row][\/et_pb_section][et_pb_section fb_built=\u00bb1&#8243; _builder_version=\u00bb4.21.2&#8243; _module_preset=\u00bbdefault\u00bb custom_padding=\u00bb||27px|||\u00bb global_colors_info=\u00bb{}\u00bb][et_pb_row column_structure=\u00bb1_2,1_2&#8243; _builder_version=\u00bb4.21.2&#8243; _module_preset=\u00bbdefault\u00bb custom_padding=\u00bb0px||0px|||\u00bb global_colors_info=\u00bb{}\u00bb][et_pb_column type=\u00bb1_2&#8243; _builder_version=\u00bb4.21.2&#8243; _module_preset=\u00bbdefault\u00bb global_colors_info=\u00bb{}\u00bb][et_pb_text _builder_version=\u00bb4.21.2&#8243; _module_preset=\u00bbdefault\u00bb text_orientation=\u00bbjustified\u00bb global_colors_info=\u00bb{}\u00bb]<\/p>\n<div class=\"flex flex-grow flex-col gap-3\">\n<div class=\"min-h-[20px] flex flex-col items-start gap-3 overflow-x-auto whitespace-pre-wrap break-words\">\n<div class=\"markdown prose w-full break-words dark:prose-invert light\">\n<p><span>Me enfoco en fortalecer los lazos y la comunicaci\u00f3n en el n\u00facleo familiar. Durante las sesiones, se abordan conflictos, din\u00e1micas interpersonales y desaf\u00edos espec\u00edficos que pueden surgir en el entorno familiar. La terapia promueve una comunicaci\u00f3n efectiva y un ambiente de apoyo, permitiendo a los miembros de la familia identificar patrones de comportamiento, resolver conflictos y comprender las necesidades individuales.<\/span><\/p>\n<p><span>El objetivo principal es crear armon\u00eda y entendimiento en la familia, ense\u00f1ando a los miembros a comunicarse de manera saludable, expresar sus emociones y encontrar soluciones conjuntas. Esta terapia previene conflictos futuros y fortalece la cohesi\u00f3n familiar, promoviendo relaciones m\u00e1s saludables y equilibradas. Al proporcionar herramientas de afrontamiento y estrategias de comunicaci\u00f3n, la terapia psicol\u00f3gica para familias genera un cambio positivo en la din\u00e1mica familiar, creando un ambiente de apoyo que fomenta el crecimiento y el bienestar de cada miembro.<\/span><\/p>\n<\/div>\n<\/div>\n<\/div>\n<div class=\"flex justify-between lg:block\">\n<div class=\"text-gray-400 flex self-end lg:self-center justify-center mt-2 gap-2 md:gap-3 lg:gap-1 lg:absolute lg:top-0 lg:translate-x-full lg:right-0 lg:mt-0 lg:pl-2 visible\">\n<div class=\"flex gap-1\"><\/div>\n<\/div>\n<\/div>\n<p>[\/et_pb_text][\/et_pb_column][et_pb_column type=\u00bb1_2&#8243; _builder_version=\u00bb4.21.2&#8243; _module_preset=\u00bbdefault\u00bb global_colors_info=\u00bb{}\u00bb][et_pb_image src=\u00bbhttps:\/\/psicologaperu.com\/wp-content\/uploads\/2023\/08\/terapeuta-familia-sonriente-cerca.webp\u00bb title_text=\u00bbterapeuta-familia-sonriente-cerca\u00bb _builder_version=\u00bb4.21.2&#8243; _module_preset=\u00bbdefault\u00bb custom_margin=\u00bb48px|||||\u00bb global_colors_info=\u00bb{}\u00bb][\/et_pb_image][\/et_pb_column][\/et_pb_row][\/et_pb_section][et_pb_section fb_built=\u00bb1&#8243; _builder_version=\u00bb4.21.2&#8243; _module_preset=\u00bbdefault\u00bb custom_padding=\u00bb18px|||||\u00bb global_colors_info=\u00bb{}\u00bb][et_pb_row _builder_version=\u00bb4.21.2&#8243; _module_preset=\u00bbdefault\u00bb custom_padding=\u00bb15px|||||\u00bb global_colors_info=\u00bb{}\u00bb][et_pb_column type=\u00bb4_4&#8243; _builder_version=\u00bb4.21.2&#8243; _module_preset=\u00bbdefault\u00bb global_colors_info=\u00bb{}\u00bb][et_pb_text _builder_version=\u00bb4.21.2&#8243; _module_preset=\u00bbdefault\u00bb header_2_text_align=\u00bbcenter\u00bb global_colors_info=\u00bb{}\u00bb]<\/p>\n<h2>Trabajamos las siguientes \u00e1reas<\/h2>\n<p>[\/et_pb_text][\/et_pb_column][\/et_pb_row][et_pb_row column_structure=\u00bb1_6,1_6,1_6,1_6,1_6,1_6&#8243; use_custom_gutter=\u00bbon\u00bb gutter_width=\u00bb2&#8243; make_equal=\u00bbon\u00bb _builder_version=\u00bb4.21.2&#8243; _module_preset=\u00bbdefault\u00bb custom_padding=\u00bb||0px|||\u00bb global_colors_info=\u00bb{}\u00bb][et_pb_column type=\u00bb1_6&#8243; _builder_version=\u00bb4.21.2&#8243; _module_preset=\u00bbdefault\u00bb global_colors_info=\u00bb{}\u00bb][et_pb_blurb title=\u00bbConflictos y peleas entre hermanos\u00bb use_icon=\u00bbon\u00bb font_icon=\u00bb&#xe068;||fa||900&#8243; icon_color=\u00bb#474747&#8243; image_icon_width=\u00bb60px\u00bb _builder_version=\u00bb4.21.2&#8243; _module_preset=\u00bbdefault\u00bb header_text_align=\u00bbcenter\u00bb header_text_color=\u00bb#474747&#8243; header_font_size=\u00bb16px\u00bb image_icon_custom_margin=\u00bb||-69px||false|false\u00bb image_icon_custom_padding=\u00bb||0px||false|false\u00bb global_colors_info=\u00bb{}\u00bb][\/et_pb_blurb][\/et_pb_column][et_pb_column type=\u00bb1_6&#8243; _builder_version=\u00bb4.21.2&#8243; _module_preset=\u00bbdefault\u00bb global_colors_info=\u00bb{}\u00bb][et_pb_blurb title=\u00bbFalta de perd\u00f3n en las relaciones familiares\u00bb use_icon=\u00bbon\u00bb font_icon=\u00bb&#xf4be;||fa||900&#8243; icon_color=\u00bb#474747&#8243; image_icon_width=\u00bb60px\u00bb _builder_version=\u00bb4.21.2&#8243; _module_preset=\u00bbdefault\u00bb header_text_align=\u00bbcenter\u00bb header_text_color=\u00bb#474747&#8243; header_font_size=\u00bb16px\u00bb header_line_height=\u00bb1.2em\u00bb image_icon_custom_margin=\u00bb||-69px||false|false\u00bb image_icon_custom_padding=\u00bb||0px||false|false\u00bb global_colors_info=\u00bb{}\u00bb][\/et_pb_blurb][\/et_pb_column][et_pb_column type=\u00bb1_6&#8243; _builder_version=\u00bb4.21.2&#8243; _module_preset=\u00bbdefault\u00bb global_colors_info=\u00bb{}\u00bb][et_pb_blurb title=\u00bbFalta de comunicaci\u00f3n entre hermanos y padres\u00bb use_icon=\u00bbon\u00bb font_icon=\u00bb&#xe066;||divi||400&#8243; icon_color=\u00bb#474747&#8243; image_icon_width=\u00bb60px\u00bb _builder_version=\u00bb4.21.2&#8243; _module_preset=\u00bbdefault\u00bb header_text_align=\u00bbcenter\u00bb header_text_color=\u00bb#474747&#8243; header_font_size=\u00bb16px\u00bb image_icon_custom_margin=\u00bb||-69px||false|false\u00bb image_icon_custom_padding=\u00bb||0px||false|false\u00bb global_colors_info=\u00bb{}\u00bb][\/et_pb_blurb][\/et_pb_column][et_pb_column type=\u00bb1_6&#8243; _builder_version=\u00bb4.21.2&#8243; _module_preset=\u00bbdefault\u00bb global_colors_info=\u00bb{}\u00bb][et_pb_blurb title=\u00bbFalta de afecto entre padres e hijos\u00bb use_icon=\u00bbon\u00bb font_icon=\u00bb&#xf51c;||fa||900&#8243; icon_color=\u00bb#474747&#8243; image_icon_width=\u00bb60px\u00bb _builder_version=\u00bb4.21.2&#8243; _module_preset=\u00bbdefault\u00bb header_text_align=\u00bbcenter\u00bb header_text_color=\u00bb#474747&#8243; header_font_size=\u00bb16px\u00bb image_icon_custom_margin=\u00bb||-69px||false|false\u00bb image_icon_custom_padding=\u00bb||0px||false|false\u00bb global_colors_info=\u00bb{}\u00bb][\/et_pb_blurb][\/et_pb_column][et_pb_column type=\u00bb1_6&#8243; _builder_version=\u00bb4.21.2&#8243; _module_preset=\u00bbdefault\u00bb global_colors_info=\u00bb{}\u00bb][et_pb_blurb title=\u00bbEl tiempo de juego en la relaci\u00f3n familiar\u00bb use_icon=\u00bbon\u00bb font_icon=\u00bb&#xf5dc;||fa||900&#8243; icon_color=\u00bb#474747&#8243; image_icon_width=\u00bb60px\u00bb _builder_version=\u00bb4.21.2&#8243; _module_preset=\u00bbdefault\u00bb header_text_align=\u00bbcenter\u00bb header_text_color=\u00bb#474747&#8243; header_font_size=\u00bb16px\u00bb header_line_height=\u00bb1.2em\u00bb image_icon_custom_margin=\u00bb||-69px||false|false\u00bb image_icon_custom_padding=\u00bb||0px||false|false\u00bb global_colors_info=\u00bb{}\u00bb][\/et_pb_blurb][\/et_pb_column][et_pb_column type=\u00bb1_6&#8243; _builder_version=\u00bb4.21.2&#8243; _module_preset=\u00bbdefault\u00bb global_colors_info=\u00bb{}\u00bb][et_pb_blurb title=\u00bbEl perd\u00f3n de hijos a padres\u00bb use_icon=\u00bbon\u00bb font_icon=\u00bb&#xf163;||fa||900&#8243; icon_color=\u00bb#474747&#8243; image_icon_width=\u00bb60px\u00bb _builder_version=\u00bb4.21.2&#8243; _module_preset=\u00bbdefault\u00bb header_text_align=\u00bbcenter\u00bb header_text_color=\u00bb#474747&#8243; header_font_size=\u00bb16px\u00bb header_line_height=\u00bb1.2em\u00bb image_icon_custom_margin=\u00bb||-69px||false|false\u00bb image_icon_custom_padding=\u00bb||0px||false|false\u00bb global_colors_info=\u00bb{}\u00bb][\/et_pb_blurb][\/et_pb_column][\/et_pb_row][et_pb_row column_structure=\u00bb1_6,1_6,1_6,1_6,1_6,1_6&#8243; use_custom_gutter=\u00bbon\u00bb gutter_width=\u00bb2&#8243; make_equal=\u00bbon\u00bb _builder_version=\u00bb4.21.2&#8243; _module_preset=\u00bbdefault\u00bb custom_padding=\u00bb||1px|||\u00bb global_colors_info=\u00bb{}\u00bb][et_pb_column type=\u00bb1_6&#8243; _builder_version=\u00bb4.21.2&#8243; _module_preset=\u00bbdefault\u00bb global_colors_info=\u00bb{}\u00bb][et_pb_blurb title=\u00bbConflictos por el dinero\u00bb use_icon=\u00bbon\u00bb font_icon=\u00bb&#xe0f9;||divi||400&#8243; icon_color=\u00bb#474747&#8243; image_icon_width=\u00bb60px\u00bb _builder_version=\u00bb4.21.2&#8243; _module_preset=\u00bbdefault\u00bb header_text_align=\u00bbcenter\u00bb header_text_color=\u00bb#474747&#8243; header_font_size=\u00bb16px\u00bb image_icon_custom_margin=\u00bb||-69px||false|false\u00bb image_icon_custom_padding=\u00bb||0px||false|false\u00bb global_colors_info=\u00bb{}\u00bb][\/et_pb_blurb][\/et_pb_column][et_pb_column type=\u00bb1_6&#8243; _builder_version=\u00bb4.21.2&#8243; _module_preset=\u00bbdefault\u00bb global_colors_info=\u00bb{}\u00bb][et_pb_blurb title=\u00bbCrisis de atenci\u00f3n\u00bb use_icon=\u00bbon\u00bb font_icon=\u00bb&#xf5c8;||fa||400&#8243; icon_color=\u00bb#474747&#8243; image_icon_width=\u00bb60px\u00bb _builder_version=\u00bb4.21.2&#8243; _module_preset=\u00bbdefault\u00bb header_text_align=\u00bbcenter\u00bb header_text_color=\u00bb#474747&#8243; header_font_size=\u00bb16px\u00bb image_icon_custom_margin=\u00bb||-69px||false|false\u00bb image_icon_custom_padding=\u00bb||0px||false|false\u00bb global_colors_info=\u00bb{}\u00bb][\/et_pb_blurb][\/et_pb_column][et_pb_column type=\u00bb1_6&#8243; _builder_version=\u00bb4.21.2&#8243; _module_preset=\u00bbdefault\u00bb global_colors_info=\u00bb{}\u00bb][et_pb_blurb title=\u00bbOrientaci\u00f3n pre y post matrimonial\u00bb use_icon=\u00bbon\u00bb font_icon=\u00bb&#xf004;||fa||900&#8243; icon_color=\u00bb#474747&#8243; image_icon_width=\u00bb60px\u00bb _builder_version=\u00bb4.21.2&#8243; _module_preset=\u00bbdefault\u00bb header_text_align=\u00bbcenter\u00bb header_text_color=\u00bb#474747&#8243; header_font_size=\u00bb16px\u00bb image_icon_custom_margin=\u00bb||-69px||false|false\u00bb image_icon_custom_padding=\u00bb||0px||false|false\u00bb global_colors_info=\u00bb{}\u00bb][\/et_pb_blurb][\/et_pb_column][et_pb_column type=\u00bb1_6&#8243; _builder_version=\u00bb4.21.2&#8243; _module_preset=\u00bbdefault\u00bb global_colors_info=\u00bb{}\u00bb][et_pb_blurb title=\u00bbCrisis en la familia y pareja\u00bb use_icon=\u00bbon\u00bb font_icon=\u00bb&#xe009;||divi||400&#8243; icon_color=\u00bb#474747&#8243; image_icon_width=\u00bb60px\u00bb _builder_version=\u00bb4.21.2&#8243; _module_preset=\u00bbdefault\u00bb header_text_align=\u00bbcenter\u00bb header_text_color=\u00bb#474747&#8243; header_font_size=\u00bb16px\u00bb image_icon_custom_margin=\u00bb||-69px||false|false\u00bb image_icon_custom_padding=\u00bb||0px||false|false\u00bb global_colors_info=\u00bb{}\u00bb][\/et_pb_blurb][\/et_pb_column][et_pb_column type=\u00bb1_6&#8243; _builder_version=\u00bb4.21.2&#8243; _module_preset=\u00bbdefault\u00bb global_colors_info=\u00bb{}\u00bb][et_pb_blurb title=\u00bbDependencia emocional\u00bb use_icon=\u00bbon\u00bb font_icon=\u00bb&#xf57a;||fa||400&#8243; icon_color=\u00bb#474747&#8243; image_icon_width=\u00bb60px\u00bb _builder_version=\u00bb4.21.2&#8243; _module_preset=\u00bbdefault\u00bb header_text_align=\u00bbcenter\u00bb header_text_color=\u00bb#474747&#8243; header_font_size=\u00bb16px\u00bb image_icon_custom_margin=\u00bb||-69px||false|false\u00bb image_icon_custom_padding=\u00bb||0px||false|false\u00bb global_colors_info=\u00bb{}\u00bb][\/et_pb_blurb][\/et_pb_column][et_pb_column type=\u00bb1_6&#8243; _builder_version=\u00bb4.21.2&#8243; _module_preset=\u00bbdefault\u00bb global_colors_info=\u00bb{}\u00bb][et_pb_blurb title=\u00bbEl perd\u00f3n dentro de la pareja\u00bb use_icon=\u00bbon\u00bb font_icon=\u00bb&#xf2b5;||fa||400&#8243; icon_color=\u00bb#474747&#8243; image_icon_width=\u00bb60px\u00bb _builder_version=\u00bb4.21.2&#8243; _module_preset=\u00bbdefault\u00bb header_text_align=\u00bbcenter\u00bb header_text_color=\u00bb#474747&#8243; header_font_size=\u00bb16px\u00bb image_icon_custom_margin=\u00bb||-69px||false|false\u00bb image_icon_custom_padding=\u00bb||0px||false|false\u00bb global_colors_info=\u00bb{}\u00bb][\/et_pb_blurb][\/et_pb_column][\/et_pb_row][et_pb_row column_structure=\u00bb1_6,1_6,1_6,1_6,1_6,1_6&#8243; use_custom_gutter=\u00bbon\u00bb gutter_width=\u00bb2&#8243; make_equal=\u00bbon\u00bb _builder_version=\u00bb4.21.2&#8243; _module_preset=\u00bbdefault\u00bb custom_padding=\u00bb||1px|||\u00bb global_colors_info=\u00bb{}\u00bb][et_pb_column type=\u00bb1_6&#8243; _builder_version=\u00bb4.21.2&#8243; _module_preset=\u00bbdefault\u00bb global_colors_info=\u00bb{}\u00bb][et_pb_blurb title=\u00bbCrisis y conflictos de pareja y familia\u00bb use_icon=\u00bbon\u00bb font_icon=\u00bb&#xf500;||fa||900&#8243; icon_color=\u00bb#474747&#8243; image_icon_width=\u00bb60px\u00bb _builder_version=\u00bb4.21.2&#8243; _module_preset=\u00bbdefault\u00bb header_text_align=\u00bbcenter\u00bb header_text_color=\u00bb#474747&#8243; header_font_size=\u00bb16px\u00bb image_icon_custom_margin=\u00bb||-69px||false|false\u00bb image_icon_custom_padding=\u00bb||0px||false|false\u00bb global_colors_info=\u00bb{}\u00bb][\/et_pb_blurb][\/et_pb_column][et_pb_column type=\u00bb1_6&#8243; _builder_version=\u00bb4.21.2&#8243; _module_preset=\u00bbdefault\u00bb global_colors_info=\u00bb{}\u00bb][et_pb_blurb title=\u00bbDificultad sexual en la pareja\u00bb use_icon=\u00bbon\u00bb font_icon=\u00bb&#xf579;||fa||400&#8243; icon_color=\u00bb#474747&#8243; image_icon_width=\u00bb60px\u00bb _builder_version=\u00bb4.21.2&#8243; _module_preset=\u00bbdefault\u00bb header_text_align=\u00bbcenter\u00bb header_text_color=\u00bb#474747&#8243; header_font_size=\u00bb16px\u00bb image_icon_custom_margin=\u00bb||-69px||false|false\u00bb image_icon_custom_padding=\u00bb||0px||false|false\u00bb global_colors_info=\u00bb{}\u00bb][\/et_pb_blurb][\/et_pb_column][et_pb_column type=\u00bb1_6&#8243; _builder_version=\u00bb4.21.2&#8243; _module_preset=\u00bbdefault\u00bb global_colors_info=\u00bb{}\u00bb][et_pb_blurb title=\u00bbInfidelidad\u00bb use_icon=\u00bbon\u00bb font_icon=\u00bb&#xf7a9;||fa||900&#8243; icon_color=\u00bb#474747&#8243; image_icon_width=\u00bb60px\u00bb _builder_version=\u00bb4.21.2&#8243; _module_preset=\u00bbdefault\u00bb header_text_align=\u00bbcenter\u00bb header_text_color=\u00bb#474747&#8243; header_font_size=\u00bb16px\u00bb image_icon_custom_margin=\u00bb||-69px||false|false\u00bb image_icon_custom_padding=\u00bb||0px||false|false\u00bb global_colors_info=\u00bb{}\u00bb][\/et_pb_blurb][\/et_pb_column][et_pb_column type=\u00bb1_6&#8243; _builder_version=\u00bb4.21.2&#8243; _module_preset=\u00bbdefault\u00bb global_colors_info=\u00bb{}\u00bb][et_pb_blurb title=\u00bbCrisis en la familia y pareja\u00bb use_icon=\u00bbon\u00bb font_icon=\u00bb&#xf0c0;||fa||900&#8243; icon_color=\u00bb#474747&#8243; image_icon_width=\u00bb60px\u00bb _builder_version=\u00bb4.21.2&#8243; _module_preset=\u00bbdefault\u00bb header_text_align=\u00bbcenter\u00bb header_text_color=\u00bb#474747&#8243; header_font_size=\u00bb16px\u00bb image_icon_custom_margin=\u00bb||-69px||false|false\u00bb image_icon_custom_padding=\u00bb||0px||false|false\u00bb global_colors_info=\u00bb{}\u00bb][\/et_pb_blurb][\/et_pb_column][et_pb_column type=\u00bb1_6&#8243; _builder_version=\u00bb4.21.2&#8243; _module_preset=\u00bbdefault\u00bb global_colors_info=\u00bb{}\u00bb][et_pb_blurb title=\u00bbCelotipia \u2013 Celos en la pareja\u00bb use_icon=\u00bbon\u00bb font_icon=\u00bb&#xf11a;||fa||400&#8243; icon_color=\u00bb#474747&#8243; image_icon_width=\u00bb60px\u00bb _builder_version=\u00bb4.21.2&#8243; _module_preset=\u00bbdefault\u00bb header_text_align=\u00bbcenter\u00bb header_text_color=\u00bb#474747&#8243; header_font_size=\u00bb16px\u00bb image_icon_custom_margin=\u00bb||-69px||false|false\u00bb image_icon_custom_padding=\u00bb||0px||false|false\u00bb global_colors_info=\u00bb{}\u00bb][\/et_pb_blurb][\/et_pb_column][et_pb_column type=\u00bb1_6&#8243; _builder_version=\u00bb4.21.2&#8243; _module_preset=\u00bbdefault\u00bb global_colors_info=\u00bb{}\u00bb][et_pb_blurb title=\u00bbViolencia en la relaci\u00f3n \u00bb use_icon=\u00bbon\u00bb font_icon=\u00bb&#xf509;||fa||900&#8243; icon_color=\u00bb#474747&#8243; image_icon_width=\u00bb60px\u00bb _builder_version=\u00bb4.21.2&#8243; _module_preset=\u00bbdefault\u00bb header_text_align=\u00bbcenter\u00bb header_text_color=\u00bb#474747&#8243; header_font_size=\u00bb16px\u00bb image_icon_custom_margin=\u00bb||-69px||false|false\u00bb image_icon_custom_padding=\u00bb||0px||false|false\u00bb global_colors_info=\u00bb{}\u00bb][\/et_pb_blurb][\/et_pb_column][\/et_pb_row][\/et_pb_section][et_pb_section fb_built=\u00bb1&#8243; _builder_version=\u00bb4.21.2&#8243; _module_preset=\u00bbdefault\u00bb background_color=\u00bbrgba(0,0,0,0.9)\u00bb background_image=\u00bbhttps:\/\/psicologaperu.com\/wp-content\/uploads\/2023\/08\/adorable-nino-firmando-contrato.webp\u00bb background_blend=\u00bbmultiply\u00bb global_colors_info=\u00bb{}\u00bb][et_pb_row _builder_version=\u00bb4.21.2&#8243; _module_preset=\u00bbdefault\u00bb global_colors_info=\u00bb{}\u00bb][et_pb_column type=\u00bb4_4&#8243; _builder_version=\u00bb4.21.2&#8243; _module_preset=\u00bbdefault\u00bb global_colors_info=\u00bb{}\u00bb][et_pb_text _builder_version=\u00bb4.21.2&#8243; _module_preset=\u00bbdefault\u00bb header_2_text_align=\u00bbcenter\u00bb header_2_text_color=\u00bb#FFFFFF\u00bb global_colors_info=\u00bb{}\u00bb]<\/p>\n<h2>Beneficios<\/h2>\n<p>[\/et_pb_text][et_pb_text _builder_version=\u00bb4.21.2&#8243; _module_preset=\u00bbdefault\u00bb text_text_color=\u00bb#FFFFFF\u00bb text_orientation=\u00bbcenter\u00bb global_colors_info=\u00bb{}\u00bb]<\/p>\n<p><span>La terapia psicol\u00f3gica para familias ofrece una serie de valiosos beneficios que contribuyen a mejorar las relaciones interpersonales y el bienestar general dentro del n\u00facleo familiar. <\/span><span>Algunos de los principales beneficios incluyen:<\/span><\/p>\n<p>[\/et_pb_text][\/et_pb_column][\/et_pb_row][et_pb_row column_structure=\u00bb1_5,1_5,1_5,1_5,1_5&#8243; use_custom_gutter=\u00bbon\u00bb gutter_width=\u00bb2&#8243; _builder_version=\u00bb4.21.2&#8243; _module_preset=\u00bbdefault\u00bb global_colors_info=\u00bb{}\u00bb][et_pb_column type=\u00bb1_5&#8243; _builder_version=\u00bb4.21.2&#8243; _module_preset=\u00bbdefault\u00bb global_colors_info=\u00bb{}\u00bb][ba_flipbox front_icon=\u00bb&#x77;||divi||400&#8243; front_title=\u00bbMejora de la Comunicaci\u00f3n\u00bb back_media_type=\u00bbnone\u00bb back_description=\u00bb La terapia fomenta una comunicaci\u00f3n m\u00e1s abierta y efectiva entre los miembros de la pareja o la familia, lo que reduce malentendidos y conflictos.\u00bb back_padding=\u00bb30px|12px|30px|12px|false|true\u00bb front_icon_color=\u00bb#c12c27&#8243; _builder_version=\u00bb4.21.2&#8243; _module_preset=\u00bbdefault\u00bb front_title_text_color=\u00bb#474747&#8243; front_title_font_size=\u00bb16px\u00bb back_title_font_size=\u00bb16px\u00bb custom_padding=\u00bb||0px|||\u00bb global_colors_info=\u00bb{}\u00bb][\/ba_flipbox][\/et_pb_column][et_pb_column type=\u00bb1_5&#8243; _builder_version=\u00bb4.21.2&#8243; _module_preset=\u00bbdefault\u00bb global_colors_info=\u00bb{}\u00bb][ba_flipbox front_icon=\u00bb&#xf4fe;||fa||900&#8243; front_title=\u00bbResoluci\u00f3n de Conflictos\u00bb back_media_type=\u00bbnone\u00bb back_description=\u00bbProporciona herramientas y estrategias para abordar los desacuerdos y las tensiones de manera constructiva, promoviendo la armon\u00eda y la comprensi\u00f3n mutua.\u00bb back_padding=\u00bb30px|12px|30px|12px|false|true\u00bb front_icon_color=\u00bb#c12c27&#8243; _builder_version=\u00bb4.21.2&#8243; _module_preset=\u00bbdefault\u00bb front_title_text_color=\u00bb#474747&#8243; front_title_font_size=\u00bb16px\u00bb back_title_font_size=\u00bb16px\u00bb global_colors_info=\u00bb{}\u00bb][\/ba_flipbox][\/et_pb_column][et_pb_column type=\u00bb1_5&#8243; _builder_version=\u00bb4.21.2&#8243; _module_preset=\u00bbdefault\u00bb global_colors_info=\u00bb{}\u00bb][ba_flipbox front_icon=\u00bb&#xf2b5;||fa||900&#8243; front_title=\u00bbFortalecimiento de V\u00ednculos\u00bb back_media_type=\u00bbnone\u00bb back_description=\u00bbAyuda a fortalecer los lazos emocionales entre los miembros de la pareja o la familia, creando un ambiente de apoyo y conexi\u00f3n.\u00bb back_padding=\u00bb30px|13px|30px|13px|false|true\u00bb front_icon_color=\u00bb#c12c27&#8243; _builder_version=\u00bb4.21.2&#8243; _module_preset=\u00bbdefault\u00bb front_title_text_color=\u00bb#474747&#8243; front_title_font_size=\u00bb16px\u00bb back_title_font_size=\u00bb16px\u00bb global_colors_info=\u00bb{}\u00bb][\/ba_flipbox][\/et_pb_column][et_pb_column type=\u00bb1_5&#8243; _builder_version=\u00bb4.21.2&#8243; _module_preset=\u00bbdefault\u00bb global_colors_info=\u00bb{}\u00bb][ba_flipbox front_icon=\u00bb&#xe089;||divi||400&#8243; front_title=\u00bbPromoci\u00f3n de la Empat\u00eda\u00bb back_media_type=\u00bbnone\u00bb back_description=\u00bbFomenta la comprensi\u00f3n de las perspectivas y emociones de los dem\u00e1s, lo que mejora la empat\u00eda y el respeto mutuo.\u00bb back_padding=\u00bb30px|13px|30px|13px|false|true\u00bb front_icon_color=\u00bb#c12c27&#8243; _builder_version=\u00bb4.21.2&#8243; _module_preset=\u00bbdefault\u00bb front_title_text_color=\u00bb#474747&#8243; front_title_font_size=\u00bb16px\u00bb back_title_font_size=\u00bb16px\u00bb global_colors_info=\u00bb{}\u00bb][\/ba_flipbox][\/et_pb_column][et_pb_column type=\u00bb1_5&#8243; _builder_version=\u00bb4.21.2&#8243; _module_preset=\u00bbdefault\u00bb global_colors_info=\u00bb{}\u00bb][ba_flipbox front_icon=\u00bb&#xf560;||fa||900&#8243; front_title=\u00bbDesarrollo de Habilidades de Convivencia\u00bb back_media_type=\u00bbnone\u00bb back_description=\u00bbBrinda herramientas para manejar las diferencias y establecer expectativas claras, facilitando una convivencia m\u00e1s armoniosa.\u00bb front_padding=\u00bb30px|4px|30px|4px|false|true\u00bb back_padding=\u00bb30px|14px|30px|14px|false|true\u00bb front_icon_color=\u00bb#c12c27&#8243; _builder_version=\u00bb4.21.2&#8243; _module_preset=\u00bbdefault\u00bb front_title_text_color=\u00bb#474747&#8243; front_title_font_size=\u00bb16px\u00bb back_title_font_size=\u00bb16px\u00bb global_colors_info=\u00bb{}\u00bb][\/ba_flipbox][\/et_pb_column][\/et_pb_row][et_pb_row column_structure=\u00bb1_5,1_5,1_5,1_5,1_5&#8243; use_custom_gutter=\u00bbon\u00bb gutter_width=\u00bb2&#8243; _builder_version=\u00bb4.21.2&#8243; _module_preset=\u00bbdefault\u00bb custom_padding=\u00bb0px|||||\u00bb global_colors_info=\u00bb{}\u00bb][et_pb_column type=\u00bb1_5&#8243; _builder_version=\u00bb4.21.2&#8243; _module_preset=\u00bbdefault\u00bb global_colors_info=\u00bb{}\u00bb][ba_flipbox front_icon=\u00bb&#xf0d1;||fa||900&#8243; front_title=\u00bbAfrontamiento de Cambios y Transiciones\u00bb back_media_type=\u00bbnone\u00bb back_description=\u00bbAyuda a la pareja o familia a gestionar cambios importantes, como mudanzas, nacimientos, separaciones o cambios en la estructura familiar.\u00bb back_padding=\u00bb30px|12px|30px|12px|false|true\u00bb front_icon_color=\u00bb#c12c27&#8243; _builder_version=\u00bb4.21.2&#8243; _module_preset=\u00bbdefault\u00bb front_title_text_color=\u00bb#474747&#8243; front_title_font_size=\u00bb16px\u00bb back_title_font_size=\u00bb16px\u00bb global_colors_info=\u00bb{}\u00bb][\/ba_flipbox][\/et_pb_column][et_pb_column type=\u00bb1_5&#8243; _builder_version=\u00bb4.21.2&#8243; _module_preset=\u00bbdefault\u00bb global_colors_info=\u00bb{}\u00bb][ba_flipbox front_icon=\u00bb&#xf587;||fa||900&#8243; front_title=\u00bbReducci\u00f3n del Estr\u00e9s\u00bb back_media_type=\u00bbnone\u00bb back_description=\u00bbLa terapia proporciona estrategias para manejar el estr\u00e9s y las presiones cotidianas, mejorando el bienestar emocional de todos los miembros.\u00bb back_padding=\u00bb30px|12px|30px|12px|false|true\u00bb front_icon_color=\u00bb#c12c27&#8243; _builder_version=\u00bb4.21.2&#8243; _module_preset=\u00bbdefault\u00bb front_title_text_color=\u00bb#474747&#8243; front_title_font_size=\u00bb16px\u00bb back_title_font_size=\u00bb16px\u00bb global_colors_info=\u00bb{}\u00bb][\/ba_flipbox][\/et_pb_column][et_pb_column type=\u00bb1_5&#8243; _builder_version=\u00bb4.21.2&#8243; _module_preset=\u00bbdefault\u00bb global_colors_info=\u00bb{}\u00bb][ba_flipbox front_icon=\u00bb&#xf024;||fa||900&#8243; front_title=\u00bbReconstrucci\u00f3n de la Confianza\u00bb back_media_type=\u00bbnone\u00bb back_description=\u00bbEn casos de conflictos o traumas, la terapia puede ayudar a reconstruir la confianza y sanar heridas emocionales.\u00bb back_padding=\u00bb30px|13px|30px|13px|false|true\u00bb front_icon_color=\u00bb#c12c27&#8243; _builder_version=\u00bb4.21.2&#8243; _module_preset=\u00bbdefault\u00bb front_title_text_color=\u00bb#474747&#8243; front_title_font_size=\u00bb16px\u00bb back_title_font_size=\u00bb16px\u00bb global_colors_info=\u00bb{}\u00bb][\/ba_flipbox][\/et_pb_column][et_pb_column type=\u00bb1_5&#8243; _builder_version=\u00bb4.21.2&#8243; _module_preset=\u00bbdefault\u00bb global_colors_info=\u00bb{}\u00bb][ba_flipbox front_icon=\u00bb&#xf505;||fa||900&#8243; front_title=\u00bbPrevenci\u00f3n de Problemas Futuros\u00bb back_media_type=\u00bbnone\u00bb back_description=\u00bbAbordar desaf\u00edos en etapas tempranas previene la escalada de problemas y contribuye a una relaci\u00f3n o din\u00e1mica familiar m\u00e1s saludable.\u00bb back_padding=\u00bb30px|13px|30px|13px|false|true\u00bb front_icon_color=\u00bb#c12c27&#8243; _builder_version=\u00bb4.21.2&#8243; _module_preset=\u00bbdefault\u00bb front_title_text_color=\u00bb#474747&#8243; front_title_font_size=\u00bb16px\u00bb back_title_font_size=\u00bb16px\u00bb global_colors_info=\u00bb{}\u00bb][\/ba_flipbox][\/et_pb_column][et_pb_column type=\u00bb1_5&#8243; _builder_version=\u00bb4.21.2&#8243; _module_preset=\u00bbdefault\u00bb global_colors_info=\u00bb{}\u00bb][ba_flipbox front_icon=\u00bb&#xf580;||fa||900&#8243; front_title=\u00bbPromoci\u00f3n del Crecimiento Conjunto\u00bb back_media_type=\u00bbnone\u00bb back_description=\u00bbLa terapia fomenta el crecimiento mutuo, permitiendo que las parejas y familias evolucionen juntas de manera positiva.\u00bb front_padding=\u00bb30px|4px|30px|4px|false|true\u00bb back_padding=\u00bb30px|14px|30px|14px|false|true\u00bb front_icon_color=\u00bb#c12c27&#8243; _builder_version=\u00bb4.21.2&#8243; _module_preset=\u00bbdefault\u00bb front_title_text_color=\u00bb#474747&#8243; front_title_font_size=\u00bb16px\u00bb back_title_font_size=\u00bb16px\u00bb global_colors_info=\u00bb{}\u00bb][\/ba_flipbox][\/et_pb_column][\/et_pb_row][\/et_pb_section][et_pb_section fb_built=\u00bb1&#8243; _builder_version=\u00bb4.21.2&#8243; _module_preset=\u00bbdefault\u00bb custom_padding=\u00bb0px||0px||false|false\u00bb locked=\u00bboff\u00bb global_colors_info=\u00bb{}\u00bb][et_pb_row column_structure=\u00bb1_2,1_2&#8243; use_custom_gutter=\u00bbon\u00bb gutter_width=\u00bb1&#8243; make_equal=\u00bbon\u00bb _builder_version=\u00bb4.21.2&#8243; _module_preset=\u00bbdefault\u00bb width=\u00bb100%\u00bb max_width=\u00bb2560px\u00bb custom_padding=\u00bb0px||0px||false|false\u00bb global_colors_info=\u00bb{}\u00bb][et_pb_column type=\u00bb1_2&#8243; _builder_version=\u00bb4.21.2&#8243; _module_preset=\u00bbdefault\u00bb background_color=\u00bbrgba(193,44,39,0.07)\u00bb global_colors_info=\u00bb{}\u00bb][et_pb_text _builder_version=\u00bb4.21.2&#8243; _module_preset=\u00bbdefault\u00bb header_2_text_color=\u00bb#474747&#8243; custom_margin=\u00bb28px|||60px|false|false\u00bb global_colors_info=\u00bb{}\u00bb]<\/p>\n<h2>Cont\u00e1ctame<\/h2>\n<p>[\/et_pb_text][et_pb_contact_form _builder_version=\u00bb4.21.2&#8243; _module_preset=\u00bbdefault\u00bb _unique_id=\u00bbac690fab-1b62-4824-a660-c98b929831c4&#8243; form_field_background_color=\u00bb#FFFFFF\u00bb custom_padding=\u00bb19px|60px||60px|false|true\u00bb box_shadow_style=\u00bbpreset3&#8243; box_shadow_blur=\u00bb19px\u00bb box_shadow_spread=\u00bb-22px\u00bb global_colors_info=\u00bb{}\u00bb][et_pb_contact_field field_id=\u00bbName\u00bb field_title=\u00bbNombre\u00bb _builder_version=\u00bb4.16&#8243; global_colors_info=\u00bb{}\u00bb button_text_size__hover_enabled=\u00bboff\u00bb button_one_text_size__hover_enabled=\u00bboff\u00bb button_two_text_size__hover_enabled=\u00bboff\u00bb button_text_color__hover_enabled=\u00bboff\u00bb button_one_text_color__hover_enabled=\u00bboff\u00bb button_two_text_color__hover_enabled=\u00bboff\u00bb button_border_width__hover_enabled=\u00bboff\u00bb button_one_border_width__hover_enabled=\u00bboff\u00bb button_two_border_width__hover_enabled=\u00bboff\u00bb button_border_color__hover_enabled=\u00bboff\u00bb button_one_border_color__hover_enabled=\u00bboff\u00bb button_two_border_color__hover_enabled=\u00bboff\u00bb button_border_radius__hover_enabled=\u00bboff\u00bb button_one_border_radius__hover_enabled=\u00bboff\u00bb button_two_border_radius__hover_enabled=\u00bboff\u00bb button_letter_spacing__hover_enabled=\u00bboff\u00bb button_one_letter_spacing__hover_enabled=\u00bboff\u00bb button_two_letter_spacing__hover_enabled=\u00bboff\u00bb button_bg_color__hover_enabled=\u00bboff\u00bb button_one_bg_color__hover_enabled=\u00bboff\u00bb button_two_bg_color__hover_enabled=\u00bboff\u00bb][\/et_pb_contact_field][et_pb_contact_field field_id=\u00bbEmail\u00bb field_title=\u00bbDirecci\u00f3n de correo electr\u00f3nico\u00bb field_type=\u00bbemail\u00bb _builder_version=\u00bb4.16&#8243; global_colors_info=\u00bb{}\u00bb button_text_size__hover_enabled=\u00bboff\u00bb button_one_text_size__hover_enabled=\u00bboff\u00bb button_two_text_size__hover_enabled=\u00bboff\u00bb button_text_color__hover_enabled=\u00bboff\u00bb button_one_text_color__hover_enabled=\u00bboff\u00bb button_two_text_color__hover_enabled=\u00bboff\u00bb button_border_width__hover_enabled=\u00bboff\u00bb button_one_border_width__hover_enabled=\u00bboff\u00bb button_two_border_width__hover_enabled=\u00bboff\u00bb button_border_color__hover_enabled=\u00bboff\u00bb button_one_border_color__hover_enabled=\u00bboff\u00bb button_two_border_color__hover_enabled=\u00bboff\u00bb button_border_radius__hover_enabled=\u00bboff\u00bb button_one_border_radius__hover_enabled=\u00bboff\u00bb button_two_border_radius__hover_enabled=\u00bboff\u00bb button_letter_spacing__hover_enabled=\u00bboff\u00bb button_one_letter_spacing__hover_enabled=\u00bboff\u00bb button_two_letter_spacing__hover_enabled=\u00bboff\u00bb button_bg_color__hover_enabled=\u00bboff\u00bb button_one_bg_color__hover_enabled=\u00bboff\u00bb button_two_bg_color__hover_enabled=\u00bboff\u00bb][\/et_pb_contact_field][et_pb_contact_field field_id=\u00bbMessage\u00bb field_title=\u00bbMensaje\u00bb field_type=\u00bbtext\u00bb fullwidth_field=\u00bbon\u00bb _builder_version=\u00bb4.21.2&#8243; global_colors_info=\u00bb{}\u00bb button_text_size__hover_enabled=\u00bboff\u00bb button_one_text_size__hover_enabled=\u00bboff\u00bb button_two_text_size__hover_enabled=\u00bboff\u00bb button_text_color__hover_enabled=\u00bboff\u00bb button_one_text_color__hover_enabled=\u00bboff\u00bb button_two_text_color__hover_enabled=\u00bboff\u00bb button_border_width__hover_enabled=\u00bboff\u00bb button_one_border_width__hover_enabled=\u00bboff\u00bb button_two_border_width__hover_enabled=\u00bboff\u00bb button_border_color__hover_enabled=\u00bboff\u00bb button_one_border_color__hover_enabled=\u00bboff\u00bb button_two_border_color__hover_enabled=\u00bboff\u00bb button_border_radius__hover_enabled=\u00bboff\u00bb button_one_border_radius__hover_enabled=\u00bboff\u00bb button_two_border_radius__hover_enabled=\u00bboff\u00bb button_letter_spacing__hover_enabled=\u00bboff\u00bb button_one_letter_spacing__hover_enabled=\u00bboff\u00bb button_two_letter_spacing__hover_enabled=\u00bboff\u00bb button_bg_color__hover_enabled=\u00bboff\u00bb button_one_bg_color__hover_enabled=\u00bboff\u00bb button_two_bg_color__hover_enabled=\u00bboff\u00bb][\/et_pb_contact_field][et_pb_contact_field field_id=\u00bbcelular\u00bb field_title=\u00bbN\u00famero de celular\u00bb fullwidth_field=\u00bbon\u00bb _builder_version=\u00bb4.21.2&#8243; _module_preset=\u00bbdefault\u00bb global_colors_info=\u00bb{}\u00bb][\/et_pb_contact_field][\/et_pb_contact_form][\/et_pb_column][et_pb_column type=\u00bb1_2&#8243; _builder_version=\u00bb4.21.2&#8243; _module_preset=\u00bbdefault\u00bb global_colors_info=\u00bb{}\u00bb][et_pb_image src=\u00bbhttps:\/\/psicologaperu.com\/wp-content\/uploads\/2023\/08\/FOTO-SOBRE-MI.webp\u00bb title_text=\u00bbFOTO-SOBRE-MI\u00bb _builder_version=\u00bb4.21.2&#8243; _module_preset=\u00bbdefault\u00bb global_colors_info=\u00bb{}\u00bb][\/et_pb_image][\/et_pb_column][\/et_pb_row][\/et_pb_section]<\/p>\n","protected":false},"excerpt":{"rendered":"<p>Terapia psicol\u00f3gica para pareja y familiaAl equiparlos de habilidades emocionales, promuevo relaciones saludables y equilibradas previniendo conflictos futuros y fortaleciendo la cohesi\u00f3n familiar. Me enfoco en fortalecer los lazos y la comunicaci\u00f3n en el n\u00facleo familiar. Durante las sesiones, se abordan conflictos, din\u00e1micas interpersonales y desaf\u00edos espec\u00edficos que pueden surgir en el entorno familiar. La [&hellip;]<\/p>\n","protected":false},"author":1,"featured_media":0,"parent":0,"menu_order":0,"comment_status":"closed","ping_status":"closed","template":"","meta":{"_et_pb_use_builder":"on","_et_pb_old_content":"","_et_gb_content_width":"","footnotes":""},"class_list":["post-135","page","type-page","status-publish","hentry"],"_links":{"self":[{"href":"https:\/\/psicologaperu.com\/index.php?rest_route=\/wp\/v2\/pages\/135","targetHints":{"allow":["GET"]}}],"collection":[{"href":"https:\/\/psicologaperu.com\/index.php?rest_route=\/wp\/v2\/pages"}],"about":[{"href":"https:\/\/psicologaperu.com\/index.php?rest_route=\/wp\/v2\/types\/page"}],"author":[{"embeddable":true,"href":"https:\/\/psicologaperu.com\/index.php?rest_route=\/wp\/v2\/users\/1"}],"replies":[{"embeddable":true,"href":"https:\/\/psicologaperu.com\/index.php?rest_route=%2Fwp%2Fv2%2Fcomments&post=135"}],"version-history":[{"count":11,"href":"https:\/\/psicologaperu.com\/index.php?rest_route=\/wp\/v2\/pages\/135\/revisions"}],"predecessor-version":[{"id":247,"href":"https:\/\/psicologaperu.com\/index.php?rest_route=\/wp\/v2\/pages\/135\/revisions\/247"}],"wp:attachment":[{"href":"https:\/\/psicologaperu.com\/index.php?rest_route=%2Fwp%2Fv2%2Fmedia&parent=135"}],"curies":[{"name":"wp","href":"https:\/\/api.w.org\/{rel}","templated":true}]}}