{"id":105,"date":"2023-08-21T13:31:28","date_gmt":"2023-08-21T18:31:28","guid":{"rendered":"https:\/\/psicologaperu.com\/?page_id=105"},"modified":"2023-08-29T16:05:58","modified_gmt":"2023-08-29T21:05:58","slug":"terapia-psicologica-para-ninos-ninas-y-adolescentes","status":"publish","type":"page","link":"https:\/\/psicologaperu.com\/?page_id=105","title":{"rendered":"Terapia psicol\u00f3gica para ni\u00f1os\/as y adolescentes"},"content":{"rendered":"<p>[et_pb_section fb_built=\u00bb1&#8243; _builder_version=\u00bb4.21.2&#8243; _module_preset=\u00bbdefault\u00bb background_color=\u00bbrgba(0,0,0,0.63)\u00bb background_image=\u00bbhttps:\/\/psicologaperu.com\/wp-content\/uploads\/2023\/08\/psicologa-mujer-tomando-notas-sesion-terapia.webp\u00bb background_blend=\u00bbmultiply\u00bb global_colors_info=\u00bb{}\u00bb][et_pb_row _builder_version=\u00bb4.21.2&#8243; _module_preset=\u00bbdefault\u00bb global_colors_info=\u00bb{}\u00bb][et_pb_column type=\u00bb4_4&#8243; _builder_version=\u00bb4.21.2&#8243; _module_preset=\u00bbdefault\u00bb global_colors_info=\u00bb{}\u00bb][et_pb_text _builder_version=\u00bb4.21.2&#8243; _module_preset=\u00bbdefault\u00bb header_text_align=\u00bbcenter\u00bb header_text_color=\u00bb#FFFFFF\u00bb header_font_size=\u00bb50px\u00bb header_line_height=\u00bb1.3em\u00bb header_text_shadow_style=\u00bbpreset2&#8243; global_colors_info=\u00bb{}\u00bb]<\/p>\n<h1>Terapia psicol\u00f3gica para ni\u00f1os\/as y adolescentes<\/h1>\n<p>[\/et_pb_text][et_pb_text _builder_version=\u00bb4.21.2&#8243; _module_preset=\u00bbdefault\u00bb text_text_color=\u00bb#FFFFFF\u00bb text_orientation=\u00bbcenter\u00bb global_colors_info=\u00bb{}\u00bb]<\/p>\n<p><span>Al equiparlos con habilidades emocionales y sociales, promuevo un crecimiento saludable, relaciones m\u00e1s gratificantes y una mayor resiliencia en el futuro.<\/span><\/p>\n<p>[\/et_pb_text][et_pb_button button_url=\u00bbhttps:\/\/wa.link\/l62mge\u00bb url_new_window=\u00bbon\u00bb button_text=\u00bbAgendar cita\u00bb button_alignment=\u00bbcenter\u00bb _builder_version=\u00bb4.21.2&#8243; _module_preset=\u00bbdefault\u00bb global_colors_info=\u00bb{}\u00bb][\/et_pb_button][\/et_pb_column][\/et_pb_row][\/et_pb_section][et_pb_section fb_built=\u00bb1&#8243; _builder_version=\u00bb4.21.2&#8243; _module_preset=\u00bbdefault\u00bb custom_padding=\u00bb||27px|||\u00bb global_colors_info=\u00bb{}\u00bb][et_pb_row column_structure=\u00bb1_2,1_2&#8243; _builder_version=\u00bb4.21.2&#8243; _module_preset=\u00bbdefault\u00bb custom_padding=\u00bb0px||0px|||\u00bb global_colors_info=\u00bb{}\u00bb][et_pb_column type=\u00bb1_2&#8243; _builder_version=\u00bb4.21.2&#8243; _module_preset=\u00bbdefault\u00bb global_colors_info=\u00bb{}\u00bb][et_pb_text _builder_version=\u00bb4.21.2&#8243; _module_preset=\u00bbdefault\u00bb text_orientation=\u00bbjustified\u00bb custom_margin=\u00bb67px|||||\u00bb global_colors_info=\u00bb{}\u00bb]<\/p>\n<p><span>Este servicio brinda un espacio seguro y especializado para abordar los desaf\u00edos emocionales y conductuales que enfrentan en sus etapas de desarrollo. A trav\u00e9s de un enfoque terap\u00e9utico adaptado a la edad y comprensi\u00f3n, trabajo de manera colaborativa con los ni\u00f1os y adolescentes para explorar y comprender sus pensamientos, emociones y comportamientos.<\/span><\/p>\n<p><span>Durante las sesiones, se fomenta la expresi\u00f3n abierta y la comunicaci\u00f3n efectiva, ayudando a los ni\u00f1os y adolescentes a desarrollar habilidades para manejar el estr\u00e9s, la ansiedad, la depresi\u00f3n, la ira y otros sentimientos dif\u00edciles. <\/span><\/p>\n<p><span>Trabajo en estrecha colaboraci\u00f3n con los padres y cuidadores, brindando orientaci\u00f3n y estrategias para mejorar la comunicaci\u00f3n familiar, establecer l\u00edmites saludables y promover un entorno de apoyo.<\/span><\/p>\n<p>[\/et_pb_text][\/et_pb_column][et_pb_column type=\u00bb1_2&#8243; _builder_version=\u00bb4.21.2&#8243; _module_preset=\u00bbdefault\u00bb global_colors_info=\u00bb{}\u00bb][et_pb_image src=\u00bbhttps:\/\/psicologaperu.com\/wp-content\/uploads\/2023\/08\/vista-elevada-nina-hablando-su-psicologa-femenina-tomando-nota-portapapeles.webp\u00bb title_text=\u00bbvista-elevada-nina-hablando-su-psicologa-femenina-tomando-nota-portapapeles\u00bb _builder_version=\u00bb4.21.2&#8243; _module_preset=\u00bbdefault\u00bb global_colors_info=\u00bb{}\u00bb][\/et_pb_image][\/et_pb_column][\/et_pb_row][\/et_pb_section][et_pb_section fb_built=\u00bb1&#8243; _builder_version=\u00bb4.21.2&#8243; _module_preset=\u00bbdefault\u00bb custom_padding=\u00bb18px|||||\u00bb global_colors_info=\u00bb{}\u00bb][et_pb_row _builder_version=\u00bb4.21.2&#8243; _module_preset=\u00bbdefault\u00bb custom_padding=\u00bb15px|||||\u00bb global_colors_info=\u00bb{}\u00bb][et_pb_column type=\u00bb4_4&#8243; _builder_version=\u00bb4.21.2&#8243; _module_preset=\u00bbdefault\u00bb global_colors_info=\u00bb{}\u00bb][et_pb_text _builder_version=\u00bb4.21.2&#8243; _module_preset=\u00bbdefault\u00bb header_2_text_align=\u00bbcenter\u00bb global_colors_info=\u00bb{}\u00bb]<\/p>\n<h2>Trabajamos las siguientes \u00e1reas<\/h2>\n<p>[\/et_pb_text][\/et_pb_column][\/et_pb_row][et_pb_row column_structure=\u00bb1_4,1_4,1_4,1_4&#8243; use_custom_gutter=\u00bbon\u00bb gutter_width=\u00bb2&#8243; make_equal=\u00bbon\u00bb _builder_version=\u00bb4.21.2&#8243; _module_preset=\u00bbdefault\u00bb custom_padding=\u00bb||0px|||\u00bb global_colors_info=\u00bb{}\u00bb][et_pb_column type=\u00bb1_4&#8243; _builder_version=\u00bb4.21.2&#8243; _module_preset=\u00bbdefault\u00bb global_colors_info=\u00bb{}\u00bb][et_pb_blurb title=\u00bbPsicol\u00f3gica cl\u00ednica infantil\u00bb use_icon=\u00bbon\u00bb font_icon=\u00bb&#xf77c;||fa||900&#8243; icon_color=\u00bb#474747&#8243; image_icon_width=\u00bb60px\u00bb _builder_version=\u00bb4.21.2&#8243; _module_preset=\u00bbdefault\u00bb header_text_align=\u00bbcenter\u00bb header_text_color=\u00bb#474747&#8243; header_font_size=\u00bb16px\u00bb image_icon_custom_margin=\u00bb||-69px||false|false\u00bb image_icon_custom_padding=\u00bb||0px||false|false\u00bb global_colors_info=\u00bb{}\u00bb][\/et_pb_blurb][\/et_pb_column][et_pb_column type=\u00bb1_4&#8243; _builder_version=\u00bb4.21.2&#8243; _module_preset=\u00bbdefault\u00bb global_colors_info=\u00bb{}\u00bb][et_pb_blurb title=\u00bbEvaluaci\u00f3n y diagn\u00f3stico Psicol\u00f3gico\u00bb use_icon=\u00bbon\u00bb font_icon=\u00bb&#x55;||divi||400&#8243; icon_color=\u00bb#474747&#8243; image_icon_width=\u00bb60px\u00bb _builder_version=\u00bb4.21.2&#8243; _module_preset=\u00bbdefault\u00bb header_text_align=\u00bbcenter\u00bb header_text_color=\u00bb#474747&#8243; header_font_size=\u00bb16px\u00bb header_line_height=\u00bb1.2em\u00bb image_icon_custom_margin=\u00bb||-69px||false|false\u00bb image_icon_custom_padding=\u00bb||0px||false|false\u00bb global_colors_info=\u00bb{}\u00bb][\/et_pb_blurb][\/et_pb_column][et_pb_column type=\u00bb1_4&#8243; _builder_version=\u00bb4.21.2&#8243; _module_preset=\u00bbdefault\u00bb global_colors_info=\u00bb{}\u00bb][et_pb_blurb title=\u00bbTerapia de Lenguaje\u00bb use_icon=\u00bbon\u00bb font_icon=\u00bb&#xe061;||fa||900&#8243; icon_color=\u00bb#474747&#8243; image_icon_width=\u00bb60px\u00bb _builder_version=\u00bb4.21.2&#8243; _module_preset=\u00bbdefault\u00bb header_text_align=\u00bbcenter\u00bb header_text_color=\u00bb#474747&#8243; header_font_size=\u00bb16px\u00bb image_icon_custom_margin=\u00bb||-69px||false|false\u00bb image_icon_custom_padding=\u00bb||0px||false|false\u00bb global_colors_info=\u00bb{}\u00bb][\/et_pb_blurb][\/et_pb_column][et_pb_column type=\u00bb1_4&#8243; _builder_version=\u00bb4.21.2&#8243; _module_preset=\u00bbdefault\u00bb global_colors_info=\u00bb{}\u00bb][et_pb_blurb title=\u00bbTerapia de Aprendizaje\u00bb use_icon=\u00bbon\u00bb font_icon=\u00bb&#xf51c;||fa||900&#8243; icon_color=\u00bb#474747&#8243; image_icon_width=\u00bb60px\u00bb _builder_version=\u00bb4.21.2&#8243; _module_preset=\u00bbdefault\u00bb header_text_align=\u00bbcenter\u00bb header_text_color=\u00bb#474747&#8243; header_font_size=\u00bb16px\u00bb image_icon_custom_margin=\u00bb||-69px||false|false\u00bb image_icon_custom_padding=\u00bb||0px||false|false\u00bb global_colors_info=\u00bb{}\u00bb][\/et_pb_blurb][\/et_pb_column][\/et_pb_row][et_pb_row column_structure=\u00bb1_4,1_4,1_4,1_4&#8243; use_custom_gutter=\u00bbon\u00bb gutter_width=\u00bb2&#8243; make_equal=\u00bbon\u00bb _builder_version=\u00bb4.21.2&#8243; _module_preset=\u00bbdefault\u00bb custom_padding=\u00bb||1px|||\u00bb global_colors_info=\u00bb{}\u00bb][et_pb_column type=\u00bb1_4&#8243; _builder_version=\u00bb4.21.2&#8243; _module_preset=\u00bbdefault\u00bb global_colors_info=\u00bb{}\u00bb][et_pb_blurb title=\u00bbFalta de concentraci\u00f3n y memoria\u00bb use_icon=\u00bbon\u00bb font_icon=\u00bb&#xf5dc;||fa||900&#8243; icon_color=\u00bb#474747&#8243; image_icon_width=\u00bb60px\u00bb _builder_version=\u00bb4.21.2&#8243; _module_preset=\u00bbdefault\u00bb header_text_align=\u00bbcenter\u00bb header_text_color=\u00bb#474747&#8243; header_font_size=\u00bb16px\u00bb header_line_height=\u00bb1.2em\u00bb image_icon_custom_margin=\u00bb||-69px||false|false\u00bb image_icon_custom_padding=\u00bb||0px||false|false\u00bb global_colors_info=\u00bb{}\u00bb][\/et_pb_blurb][\/et_pb_column][et_pb_column type=\u00bb1_4&#8243; _builder_version=\u00bb4.21.2&#8243; _module_preset=\u00bbdefault\u00bb global_colors_info=\u00bb{}\u00bb][et_pb_blurb title=\u00bbDiscalculia\u00bb use_icon=\u00bbon\u00bb font_icon=\u00bb&#xf163;||fa||900&#8243; icon_color=\u00bb#474747&#8243; image_icon_width=\u00bb60px\u00bb _builder_version=\u00bb4.21.2&#8243; _module_preset=\u00bbdefault\u00bb header_text_align=\u00bbcenter\u00bb header_text_color=\u00bb#474747&#8243; header_font_size=\u00bb16px\u00bb header_line_height=\u00bb1.2em\u00bb image_icon_custom_margin=\u00bb||-69px||false|false\u00bb image_icon_custom_padding=\u00bb||0px||false|false\u00bb global_colors_info=\u00bb{}\u00bb][\/et_pb_blurb][\/et_pb_column][et_pb_column type=\u00bb1_4&#8243; _builder_version=\u00bb4.21.2&#8243; _module_preset=\u00bbdefault\u00bb global_colors_info=\u00bb{}\u00bb][et_pb_blurb title=\u00bbTDAH\u00bb use_icon=\u00bbon\u00bb font_icon=\u00bb&#xe102;||divi||400&#8243; icon_color=\u00bb#474747&#8243; image_icon_width=\u00bb60px\u00bb _builder_version=\u00bb4.21.2&#8243; _module_preset=\u00bbdefault\u00bb header_text_align=\u00bbcenter\u00bb header_text_color=\u00bb#474747&#8243; header_font_size=\u00bb16px\u00bb image_icon_custom_margin=\u00bb||-69px||false|false\u00bb image_icon_custom_padding=\u00bb||0px||false|false\u00bb global_colors_info=\u00bb{}\u00bb][\/et_pb_blurb][\/et_pb_column][et_pb_column type=\u00bb1_4&#8243; _builder_version=\u00bb4.21.2&#8243; _module_preset=\u00bbdefault\u00bb global_colors_info=\u00bb{}\u00bb][et_pb_blurb title=\u00bbAnsiedad\u00bb use_icon=\u00bbon\u00bb font_icon=\u00bb&#xf5c8;||fa||400&#8243; icon_color=\u00bb#474747&#8243; image_icon_width=\u00bb60px\u00bb _builder_version=\u00bb4.21.2&#8243; _module_preset=\u00bbdefault\u00bb header_text_align=\u00bbcenter\u00bb header_text_color=\u00bb#474747&#8243; header_font_size=\u00bb16px\u00bb image_icon_custom_margin=\u00bb||-69px||false|false\u00bb image_icon_custom_padding=\u00bb||0px||false|false\u00bb global_colors_info=\u00bb{}\u00bb][\/et_pb_blurb][\/et_pb_column][\/et_pb_row][et_pb_row column_structure=\u00bb1_4,1_4,1_4,1_4&#8243; use_custom_gutter=\u00bbon\u00bb gutter_width=\u00bb2&#8243; make_equal=\u00bbon\u00bb _builder_version=\u00bb4.21.2&#8243; _module_preset=\u00bbdefault\u00bb custom_padding=\u00bb||1px|||\u00bb global_colors_info=\u00bb{}\u00bb][et_pb_column type=\u00bb1_4&#8243; _builder_version=\u00bb4.21.2&#8243; _module_preset=\u00bbdefault\u00bb global_colors_info=\u00bb{}\u00bb][et_pb_blurb title=\u00bbAcoso escolar\u00bb use_icon=\u00bbon\u00bb font_icon=\u00bb&#xf549;||fa||900&#8243; icon_color=\u00bb#474747&#8243; image_icon_width=\u00bb60px\u00bb _builder_version=\u00bb4.21.2&#8243; _module_preset=\u00bbdefault\u00bb header_text_align=\u00bbcenter\u00bb header_text_color=\u00bb#474747&#8243; header_font_size=\u00bb16px\u00bb header_line_height=\u00bb1.2em\u00bb image_icon_custom_margin=\u00bb||-69px||false|false\u00bb image_icon_custom_padding=\u00bb||0px||false|false\u00bb global_colors_info=\u00bb{}\u00bb][\/et_pb_blurb][\/et_pb_column][et_pb_column type=\u00bb1_4&#8243; _builder_version=\u00bb4.21.2&#8243; _module_preset=\u00bbdefault\u00bb global_colors_info=\u00bb{}\u00bb][et_pb_blurb title=\u00bbDeficit de atenci\u00f3n e hiperactividad\u00bb use_icon=\u00bbon\u00bb font_icon=\u00bb&#xf1ae;||fa||900&#8243; icon_color=\u00bb#474747&#8243; image_icon_width=\u00bb60px\u00bb _builder_version=\u00bb4.21.2&#8243; _module_preset=\u00bbdefault\u00bb header_text_align=\u00bbcenter\u00bb header_text_color=\u00bb#474747&#8243; header_font_size=\u00bb16px\u00bb header_line_height=\u00bb1.2em\u00bb image_icon_custom_margin=\u00bb||-69px||false|false\u00bb image_icon_custom_padding=\u00bb||0px||false|false\u00bb global_colors_info=\u00bb{}\u00bb][\/et_pb_blurb][\/et_pb_column][et_pb_column type=\u00bb1_4&#8243; _builder_version=\u00bb4.21.2&#8243; _module_preset=\u00bbdefault\u00bb global_colors_info=\u00bb{}\u00bb][et_pb_blurb title=\u00bbProblemas de conducta\u00bb use_icon=\u00bbon\u00bb font_icon=\u00bb&#xf4ce;||fa||900&#8243; icon_color=\u00bb#474747&#8243; image_icon_width=\u00bb60px\u00bb _builder_version=\u00bb4.21.2&#8243; _module_preset=\u00bbdefault\u00bb header_text_align=\u00bbcenter\u00bb header_text_color=\u00bb#474747&#8243; header_font_size=\u00bb16px\u00bb image_icon_custom_margin=\u00bb||-69px||false|false\u00bb image_icon_custom_padding=\u00bb||0px||false|false\u00bb global_colors_info=\u00bb{}\u00bb][\/et_pb_blurb][\/et_pb_column][et_pb_column type=\u00bb1_4&#8243; _builder_version=\u00bb4.21.2&#8243; _module_preset=\u00bbdefault\u00bb global_colors_info=\u00bb{}\u00bb][et_pb_blurb title=\u00bbAgresividad\u00bb use_icon=\u00bbon\u00bb font_icon=\u00bb&#xf255;||fa||400&#8243; icon_color=\u00bb#474747&#8243; image_icon_width=\u00bb60px\u00bb _builder_version=\u00bb4.21.2&#8243; _module_preset=\u00bbdefault\u00bb header_text_align=\u00bbcenter\u00bb header_text_color=\u00bb#474747&#8243; header_font_size=\u00bb16px\u00bb image_icon_custom_margin=\u00bb||-69px||false|false\u00bb image_icon_custom_padding=\u00bb||0px||false|false\u00bb global_colors_info=\u00bb{}\u00bb][\/et_pb_blurb][\/et_pb_column][\/et_pb_row][et_pb_row column_structure=\u00bb1_4,1_4,1_4,1_4&#8243; use_custom_gutter=\u00bbon\u00bb gutter_width=\u00bb2&#8243; make_equal=\u00bbon\u00bb _builder_version=\u00bb4.21.2&#8243; _module_preset=\u00bbdefault\u00bb custom_padding=\u00bb||0px|||\u00bb global_colors_info=\u00bb{}\u00bb][et_pb_column type=\u00bb1_4&#8243; _builder_version=\u00bb4.21.2&#8243; _module_preset=\u00bbdefault\u00bb global_colors_info=\u00bb{}\u00bb][et_pb_blurb title=\u00bbAutismo Infantil\u00bb use_icon=\u00bbon\u00bb font_icon=\u00bb&#xf12e;||fa||900&#8243; icon_color=\u00bb#474747&#8243; image_icon_width=\u00bb60px\u00bb _builder_version=\u00bb4.21.2&#8243; _module_preset=\u00bbdefault\u00bb header_text_align=\u00bbcenter\u00bb header_text_color=\u00bb#474747&#8243; header_font_size=\u00bb16px\u00bb header_line_height=\u00bb1.2em\u00bb image_icon_custom_margin=\u00bb||-69px||false|false\u00bb image_icon_custom_padding=\u00bb||0px||false|false\u00bb global_colors_info=\u00bb{}\u00bb][\/et_pb_blurb][\/et_pb_column][et_pb_column type=\u00bb1_4&#8243; _builder_version=\u00bb4.21.2&#8243; _module_preset=\u00bbdefault\u00bb global_colors_info=\u00bb{}\u00bb][et_pb_blurb title=\u00bbOrientaci\u00f3n vocacional\u00bb use_icon=\u00bbon\u00bb font_icon=\u00bb&#xf501;||fa||900&#8243; icon_color=\u00bb#474747&#8243; image_icon_width=\u00bb60px\u00bb _builder_version=\u00bb4.21.2&#8243; _module_preset=\u00bbdefault\u00bb header_text_align=\u00bbcenter\u00bb header_text_color=\u00bb#474747&#8243; header_font_size=\u00bb16px\u00bb header_line_height=\u00bb1.2em\u00bb image_icon_custom_margin=\u00bb||-69px||false|false\u00bb image_icon_custom_padding=\u00bb||0px||false|false\u00bb global_colors_info=\u00bb{}\u00bb][\/et_pb_blurb][\/et_pb_column][et_pb_column type=\u00bb1_4&#8243; _builder_version=\u00bb4.21.2&#8243; _module_preset=\u00bbdefault\u00bb global_colors_info=\u00bb{}\u00bb][et_pb_blurb title=\u00bbEscuela de padres\u00bb use_icon=\u00bbon\u00bb font_icon=\u00bb&#xf500;||fa||900&#8243; icon_color=\u00bb#474747&#8243; image_icon_width=\u00bb60px\u00bb _builder_version=\u00bb4.21.2&#8243; _module_preset=\u00bbdefault\u00bb header_text_align=\u00bbcenter\u00bb header_text_color=\u00bb#474747&#8243; header_font_size=\u00bb16px\u00bb image_icon_custom_margin=\u00bb||-69px||false|false\u00bb image_icon_custom_padding=\u00bb||0px||false|false\u00bb global_colors_info=\u00bb{}\u00bb][\/et_pb_blurb][\/et_pb_column][et_pb_column type=\u00bb1_4&#8243; _builder_version=\u00bb4.21.2&#8243; _module_preset=\u00bbdefault\u00bb global_colors_info=\u00bb{}\u00bb][et_pb_blurb title=\u00bbDepresi\u00f3n infantil y adolescente\u00bb use_icon=\u00bbon\u00bb font_icon=\u00bb&#xf119;||fa||400&#8243; icon_color=\u00bb#474747&#8243; image_icon_width=\u00bb60px\u00bb _builder_version=\u00bb4.21.2&#8243; _module_preset=\u00bbdefault\u00bb header_text_align=\u00bbcenter\u00bb header_text_color=\u00bb#474747&#8243; header_font_size=\u00bb16px\u00bb image_icon_custom_margin=\u00bb||-69px||false|false\u00bb image_icon_custom_padding=\u00bb||0px||false|false\u00bb global_colors_info=\u00bb{}\u00bb][\/et_pb_blurb][\/et_pb_column][\/et_pb_row][\/et_pb_section][et_pb_section fb_built=\u00bb1&#8243; _builder_version=\u00bb4.21.2&#8243; _module_preset=\u00bbdefault\u00bb background_color=\u00bbrgba(0,0,0,0.9)\u00bb background_image=\u00bbhttps:\/\/psicologaperu.com\/wp-content\/uploads\/2023\/08\/psicologo-amistoso-nina-que-sostienen-cartel-blanco-que-sienta-sofa.webp\u00bb background_blend=\u00bbmultiply\u00bb global_colors_info=\u00bb{}\u00bb][et_pb_row _builder_version=\u00bb4.21.2&#8243; _module_preset=\u00bbdefault\u00bb global_colors_info=\u00bb{}\u00bb][et_pb_column type=\u00bb4_4&#8243; _builder_version=\u00bb4.21.2&#8243; _module_preset=\u00bbdefault\u00bb global_colors_info=\u00bb{}\u00bb][et_pb_text _builder_version=\u00bb4.21.2&#8243; _module_preset=\u00bbdefault\u00bb header_2_text_align=\u00bbcenter\u00bb header_2_text_color=\u00bb#FFFFFF\u00bb global_colors_info=\u00bb{}\u00bb]<\/p>\n<h2>Beneficios<\/h2>\n<p>[\/et_pb_text][et_pb_text _builder_version=\u00bb4.21.2&#8243; _module_preset=\u00bbdefault\u00bb text_text_color=\u00bb#FFFFFF\u00bb text_orientation=\u00bbcenter\u00bb global_colors_info=\u00bb{}\u00bb]<\/p>\n<p><span>La terapia psicol\u00f3gica para ni\u00f1os, ni\u00f1as y adolescentes ofrece una amplia gama de beneficios significativos que contribuyen a su bienestar emocional, desarrollo personal y relaciones interpersonales. <\/span><span>Algunos de estos beneficios incluyen:<\/span><\/p>\n<p>[\/et_pb_text][\/et_pb_column][\/et_pb_row][et_pb_row column_structure=\u00bb1_5,1_5,1_5,1_5,1_5&#8243; use_custom_gutter=\u00bbon\u00bb gutter_width=\u00bb2&#8243; _builder_version=\u00bb4.21.2&#8243; _module_preset=\u00bbdefault\u00bb global_colors_info=\u00bb{}\u00bb][et_pb_column type=\u00bb1_5&#8243; _builder_version=\u00bb4.21.2&#8243; _module_preset=\u00bbdefault\u00bb global_colors_info=\u00bb{}\u00bb][ba_flipbox front_icon=\u00bb&#xf4da;||fa||900&#8243; front_title=\u00bbMejora de la Gesti\u00f3n Emocional\u00bb back_media_type=\u00bbnone\u00bb back_description=\u00bbAyuda a los ni\u00f1os y adolescentes a comprender y manejar sus emociones de manera saludable, lo que reduce la ansiedad, el estr\u00e9s y la irritabilidad.\u00bb back_padding=\u00bb30px|12px|30px|12px|false|true\u00bb front_icon_color=\u00bb#c12c27&#8243; _builder_version=\u00bb4.21.2&#8243; _module_preset=\u00bbdefault\u00bb front_title_text_color=\u00bb#474747&#8243; front_title_font_size=\u00bb16px\u00bb back_title_font_size=\u00bb16px\u00bb hover_enabled=\u00bb0&#8243; global_colors_info=\u00bb{}\u00bb sticky_enabled=\u00bb0&#8243;][\/ba_flipbox][\/et_pb_column][et_pb_column type=\u00bb1_5&#8243; _builder_version=\u00bb4.21.2&#8243; _module_preset=\u00bbdefault\u00bb global_colors_info=\u00bb{}\u00bb][ba_flipbox front_icon=\u00bb&#xf4c2;||fa||900&#8243; front_title=\u00bbDesarrollo de Habilidades de Afrontamiento\u00bb back_media_type=\u00bbnone\u00bb back_description=\u00bbLes proporciona herramientas efectivas para enfrentar desaf\u00edos, superar obst\u00e1culos y lidiar con situaciones dif\u00edciles de manera constructiva.\u00bb back_padding=\u00bb30px|12px|30px|12px|false|true\u00bb front_icon_color=\u00bb#c12c27&#8243; _builder_version=\u00bb4.21.2&#8243; _module_preset=\u00bbdefault\u00bb front_title_text_color=\u00bb#474747&#8243; front_title_font_size=\u00bb16px\u00bb back_title_font_size=\u00bb16px\u00bb global_colors_info=\u00bb{}\u00bb][\/ba_flipbox][\/et_pb_column][et_pb_column type=\u00bb1_5&#8243; _builder_version=\u00bb4.21.2&#8243; _module_preset=\u00bbdefault\u00bb global_colors_info=\u00bb{}\u00bb][ba_flipbox front_icon=\u00bb&#xf584;||fa||900&#8243; front_title=\u00bbFortalecimiento de la Autoestima\u00bb back_media_type=\u00bbnone\u00bb back_description=\u00bbTrabaja en la construcci\u00f3n de una imagen positiva de s\u00ed mismos, fomentando la confianza y la autoaceptaci\u00f3n.\u00bb back_padding=\u00bb30px|13px|30px|13px|false|true\u00bb front_icon_color=\u00bb#c12c27&#8243; _builder_version=\u00bb4.21.2&#8243; _module_preset=\u00bbdefault\u00bb front_title_text_color=\u00bb#474747&#8243; front_title_font_size=\u00bb16px\u00bb back_title_font_size=\u00bb16px\u00bb global_colors_info=\u00bb{}\u00bb][\/ba_flipbox][\/et_pb_column][et_pb_column type=\u00bb1_5&#8243; _builder_version=\u00bb4.21.2&#8243; _module_preset=\u00bbdefault\u00bb global_colors_info=\u00bb{}\u00bb][ba_flipbox front_icon=\u00bb&#xe089;||divi||400&#8243; front_title=\u00bbMejora en las Relaciones\u00bb back_media_type=\u00bbnone\u00bb back_description=\u00bbFacilita el desarrollo de habilidades de comunicaci\u00f3n y resoluci\u00f3n de conflictos, lo que resulta en relaciones m\u00e1s saludables con familiares, amigos y compa\u00f1eros.\u00bb back_padding=\u00bb30px|13px|30px|13px|false|true\u00bb front_icon_color=\u00bb#c12c27&#8243; _builder_version=\u00bb4.21.2&#8243; _module_preset=\u00bbdefault\u00bb front_title_text_color=\u00bb#474747&#8243; front_title_font_size=\u00bb16px\u00bb back_title_font_size=\u00bb16px\u00bb global_colors_info=\u00bb{}\u00bb][\/ba_flipbox][\/et_pb_column][et_pb_column type=\u00bb1_5&#8243; _builder_version=\u00bb4.21.2&#8243; _module_preset=\u00bbdefault\u00bb global_colors_info=\u00bb{}\u00bb][ba_flipbox front_icon=\u00bb&#xf587;||fa||900&#8243; front_title=\u00bbReducci\u00f3n de Comportamientos Problem\u00e1ticos\u00bb back_media_type=\u00bbnone\u00bb back_description=\u00bbAyuda a abordar comportamientos disruptivos, impulsivos o autodestructivos, fomentando un cambio positivo en el comportamiento.\u00bb front_padding=\u00bb30px|4px|30px|4px|false|true\u00bb back_padding=\u00bb30px|14px|30px|14px|false|true\u00bb front_icon_color=\u00bb#c12c27&#8243; _builder_version=\u00bb4.21.2&#8243; _module_preset=\u00bbdefault\u00bb front_title_text_color=\u00bb#474747&#8243; front_title_font_size=\u00bb16px\u00bb back_title_font_size=\u00bb16px\u00bb global_colors_info=\u00bb{}\u00bb][\/ba_flipbox][\/et_pb_column][\/et_pb_row][et_pb_row column_structure=\u00bb1_5,1_5,1_5,1_5,1_5&#8243; use_custom_gutter=\u00bbon\u00bb gutter_width=\u00bb2&#8243; _builder_version=\u00bb4.21.2&#8243; _module_preset=\u00bbdefault\u00bb custom_padding=\u00bb0px|||||\u00bb global_colors_info=\u00bb{}\u00bb][et_pb_column type=\u00bb1_5&#8243; _builder_version=\u00bb4.21.2&#8243; _module_preset=\u00bbdefault\u00bb global_colors_info=\u00bb{}\u00bb][ba_flipbox front_icon=\u00bb&#xf4be;||fa||900&#8243; front_title=\u00bbApoyo en Transiciones y Cambios\u00bb back_media_type=\u00bbnone\u00bb back_description=\u00bbBrinda orientaci\u00f3n durante per\u00edodos de transici\u00f3n, como cambios escolares, mudanzas o divorcios, ayudando a los j\u00f3venes a adaptarse y enfrentar estos cambios.\u00bb back_padding=\u00bb30px|12px|30px|12px|false|true\u00bb front_icon_color=\u00bb#c12c27&#8243; _builder_version=\u00bb4.21.2&#8243; _module_preset=\u00bbdefault\u00bb front_title_text_color=\u00bb#474747&#8243; front_title_font_size=\u00bb16px\u00bb back_title_font_size=\u00bb16px\u00bb global_colors_info=\u00bb{}\u00bb][\/ba_flipbox][\/et_pb_column][et_pb_column type=\u00bb1_5&#8243; _builder_version=\u00bb4.21.2&#8243; _module_preset=\u00bbdefault\u00bb global_colors_info=\u00bb{}\u00bb][ba_flipbox front_icon=\u00bb&#xf5da;||fa||900&#8243; front_title=\u00bbGesti\u00f3n del Estr\u00e9s Acad\u00e9mico\u00bb back_media_type=\u00bbnone\u00bb back_description=\u00bbOfrece estrategias para manejar la presi\u00f3n acad\u00e9mica y el estr\u00e9s relacionado con el rendimiento escolar.\u00bb back_padding=\u00bb30px|12px|30px|12px|false|true\u00bb front_icon_color=\u00bb#c12c27&#8243; _builder_version=\u00bb4.21.2&#8243; _module_preset=\u00bbdefault\u00bb front_title_text_color=\u00bb#474747&#8243; front_title_font_size=\u00bb16px\u00bb back_title_font_size=\u00bb16px\u00bb global_colors_info=\u00bb{}\u00bb][\/ba_flipbox][\/et_pb_column][et_pb_column type=\u00bb1_5&#8243; _builder_version=\u00bb4.21.2&#8243; _module_preset=\u00bbdefault\u00bb global_colors_info=\u00bb{}\u00bb][ba_flipbox front_icon=\u00bb&#xf024;||fa||900&#8243; front_title=\u00bbPrevenci\u00f3n de Problemas Futuros\u00bb back_media_type=\u00bbnone\u00bb back_description=\u00bbAl abordar desaf\u00edos emocionales en una etapa temprana, la terapia puede prevenir la aparici\u00f3n de problemas m\u00e1s graves en el futuro.\u00bb back_padding=\u00bb30px|13px|30px|13px|false|true\u00bb front_icon_color=\u00bb#c12c27&#8243; _builder_version=\u00bb4.21.2&#8243; _module_preset=\u00bbdefault\u00bb front_title_text_color=\u00bb#474747&#8243; front_title_font_size=\u00bb16px\u00bb back_title_font_size=\u00bb16px\u00bb global_colors_info=\u00bb{}\u00bb][\/ba_flipbox][\/et_pb_column][et_pb_column type=\u00bb1_5&#8243; _builder_version=\u00bb4.21.2&#8243; _module_preset=\u00bbdefault\u00bb global_colors_info=\u00bb{}\u00bb][ba_flipbox front_icon=\u00bb&#xf505;||fa||900&#8243; front_title=\u00bbFomento de la Autonom\u00eda\u00bb back_media_type=\u00bbnone\u00bb back_description=\u00bbFacilita el desarrollo de habilidades de comunicaci\u00f3n y resoluci\u00f3n de conflictos, lo que resulta en relaciones m\u00e1s saludables con familiares, amigos y compa\u00f1eros.\u00bb back_padding=\u00bb30px|13px|30px|13px|false|true\u00bb front_icon_color=\u00bb#c12c27&#8243; _builder_version=\u00bb4.21.2&#8243; _module_preset=\u00bbdefault\u00bb front_title_text_color=\u00bb#474747&#8243; front_title_font_size=\u00bb16px\u00bb back_title_font_size=\u00bb16px\u00bb global_colors_info=\u00bb{}\u00bb][\/ba_flipbox][\/et_pb_column][et_pb_column type=\u00bb1_5&#8243; _builder_version=\u00bb4.21.2&#8243; _module_preset=\u00bbdefault\u00bb global_colors_info=\u00bb{}\u00bb][ba_flipbox front_icon=\u00bb&#xf580;||fa||900&#8243; front_title=\u00bbPromoci\u00f3n del Bienestar General\u00bb back_media_type=\u00bbnone\u00bb back_description=\u00bbContribuye al bienestar emocional y mental general, lo que a su vez impacta positivamente en la calidad de vida y el \u00e9xito personal.\u00bb front_padding=\u00bb30px|4px|30px|4px|false|true\u00bb back_padding=\u00bb30px|14px|30px|14px|false|true\u00bb front_icon_color=\u00bb#c12c27&#8243; _builder_version=\u00bb4.21.2&#8243; _module_preset=\u00bbdefault\u00bb front_title_text_color=\u00bb#474747&#8243; front_title_font_size=\u00bb16px\u00bb back_title_font_size=\u00bb16px\u00bb global_colors_info=\u00bb{}\u00bb][\/ba_flipbox][\/et_pb_column][\/et_pb_row][\/et_pb_section][et_pb_section fb_built=\u00bb1&#8243; _builder_version=\u00bb4.21.2&#8243; _module_preset=\u00bbdefault\u00bb custom_padding=\u00bb0px||0px||false|false\u00bb locked=\u00bboff\u00bb global_colors_info=\u00bb{}\u00bb][et_pb_row column_structure=\u00bb1_2,1_2&#8243; use_custom_gutter=\u00bbon\u00bb gutter_width=\u00bb1&#8243; make_equal=\u00bbon\u00bb _builder_version=\u00bb4.21.2&#8243; _module_preset=\u00bbdefault\u00bb width=\u00bb100%\u00bb max_width=\u00bb2560px\u00bb custom_padding=\u00bb0px||0px||false|false\u00bb global_colors_info=\u00bb{}\u00bb][et_pb_column type=\u00bb1_2&#8243; _builder_version=\u00bb4.21.2&#8243; _module_preset=\u00bbdefault\u00bb background_color=\u00bbrgba(193,44,39,0.07)\u00bb global_colors_info=\u00bb{}\u00bb][et_pb_text _builder_version=\u00bb4.21.2&#8243; _module_preset=\u00bbdefault\u00bb header_2_text_color=\u00bb#474747&#8243; custom_margin=\u00bb28px|||60px|false|false\u00bb global_colors_info=\u00bb{}\u00bb]<\/p>\n<h2>Cont\u00e1ctame<\/h2>\n<p>[\/et_pb_text][et_pb_contact_form _builder_version=\u00bb4.21.2&#8243; _module_preset=\u00bbdefault\u00bb _unique_id=\u00bbac690fab-1b62-4824-a660-c98b929831c4&#8243; form_field_background_color=\u00bb#FFFFFF\u00bb custom_padding=\u00bb19px|60px||60px|false|true\u00bb custom_padding_tablet=\u00bb19px|60px||60px|false|true\u00bb custom_padding_phone=\u00bb19px|60px|33px|60px|false|true\u00bb custom_padding_last_edited=\u00bbon|phone\u00bb box_shadow_style=\u00bbpreset3&#8243; box_shadow_blur=\u00bb19px\u00bb box_shadow_spread=\u00bb-22px\u00bb global_colors_info=\u00bb{}\u00bb][et_pb_contact_field field_id=\u00bbName\u00bb field_title=\u00bbNombre\u00bb _builder_version=\u00bb4.16&#8243; global_colors_info=\u00bb{}\u00bb button_text_size__hover_enabled=\u00bboff\u00bb button_one_text_size__hover_enabled=\u00bboff\u00bb button_two_text_size__hover_enabled=\u00bboff\u00bb button_text_color__hover_enabled=\u00bboff\u00bb button_one_text_color__hover_enabled=\u00bboff\u00bb button_two_text_color__hover_enabled=\u00bboff\u00bb button_border_width__hover_enabled=\u00bboff\u00bb button_one_border_width__hover_enabled=\u00bboff\u00bb button_two_border_width__hover_enabled=\u00bboff\u00bb button_border_color__hover_enabled=\u00bboff\u00bb button_one_border_color__hover_enabled=\u00bboff\u00bb button_two_border_color__hover_enabled=\u00bboff\u00bb button_border_radius__hover_enabled=\u00bboff\u00bb button_one_border_radius__hover_enabled=\u00bboff\u00bb button_two_border_radius__hover_enabled=\u00bboff\u00bb button_letter_spacing__hover_enabled=\u00bboff\u00bb button_one_letter_spacing__hover_enabled=\u00bboff\u00bb button_two_letter_spacing__hover_enabled=\u00bboff\u00bb button_bg_color__hover_enabled=\u00bboff\u00bb button_one_bg_color__hover_enabled=\u00bboff\u00bb button_two_bg_color__hover_enabled=\u00bboff\u00bb][\/et_pb_contact_field][et_pb_contact_field field_id=\u00bbEmail\u00bb field_title=\u00bbDirecci\u00f3n de correo electr\u00f3nico\u00bb field_type=\u00bbemail\u00bb _builder_version=\u00bb4.16&#8243; global_colors_info=\u00bb{}\u00bb button_text_size__hover_enabled=\u00bboff\u00bb button_one_text_size__hover_enabled=\u00bboff\u00bb button_two_text_size__hover_enabled=\u00bboff\u00bb button_text_color__hover_enabled=\u00bboff\u00bb button_one_text_color__hover_enabled=\u00bboff\u00bb button_two_text_color__hover_enabled=\u00bboff\u00bb button_border_width__hover_enabled=\u00bboff\u00bb button_one_border_width__hover_enabled=\u00bboff\u00bb button_two_border_width__hover_enabled=\u00bboff\u00bb button_border_color__hover_enabled=\u00bboff\u00bb button_one_border_color__hover_enabled=\u00bboff\u00bb button_two_border_color__hover_enabled=\u00bboff\u00bb button_border_radius__hover_enabled=\u00bboff\u00bb button_one_border_radius__hover_enabled=\u00bboff\u00bb button_two_border_radius__hover_enabled=\u00bboff\u00bb button_letter_spacing__hover_enabled=\u00bboff\u00bb button_one_letter_spacing__hover_enabled=\u00bboff\u00bb button_two_letter_spacing__hover_enabled=\u00bboff\u00bb button_bg_color__hover_enabled=\u00bboff\u00bb button_one_bg_color__hover_enabled=\u00bboff\u00bb button_two_bg_color__hover_enabled=\u00bboff\u00bb][\/et_pb_contact_field][et_pb_contact_field field_id=\u00bbMessage\u00bb field_title=\u00bbMensaje\u00bb field_type=\u00bbtext\u00bb fullwidth_field=\u00bbon\u00bb _builder_version=\u00bb4.21.2&#8243; global_colors_info=\u00bb{}\u00bb button_text_size__hover_enabled=\u00bboff\u00bb button_one_text_size__hover_enabled=\u00bboff\u00bb button_two_text_size__hover_enabled=\u00bboff\u00bb button_text_color__hover_enabled=\u00bboff\u00bb button_one_text_color__hover_enabled=\u00bboff\u00bb button_two_text_color__hover_enabled=\u00bboff\u00bb button_border_width__hover_enabled=\u00bboff\u00bb button_one_border_width__hover_enabled=\u00bboff\u00bb button_two_border_width__hover_enabled=\u00bboff\u00bb button_border_color__hover_enabled=\u00bboff\u00bb button_one_border_color__hover_enabled=\u00bboff\u00bb button_two_border_color__hover_enabled=\u00bboff\u00bb button_border_radius__hover_enabled=\u00bboff\u00bb button_one_border_radius__hover_enabled=\u00bboff\u00bb button_two_border_radius__hover_enabled=\u00bboff\u00bb button_letter_spacing__hover_enabled=\u00bboff\u00bb button_one_letter_spacing__hover_enabled=\u00bboff\u00bb button_two_letter_spacing__hover_enabled=\u00bboff\u00bb button_bg_color__hover_enabled=\u00bboff\u00bb button_one_bg_color__hover_enabled=\u00bboff\u00bb button_two_bg_color__hover_enabled=\u00bboff\u00bb][\/et_pb_contact_field][et_pb_contact_field field_id=\u00bbcelular\u00bb field_title=\u00bbN\u00famero de celular\u00bb fullwidth_field=\u00bbon\u00bb _builder_version=\u00bb4.21.2&#8243; _module_preset=\u00bbdefault\u00bb global_colors_info=\u00bb{}\u00bb][\/et_pb_contact_field][\/et_pb_contact_form][\/et_pb_column][et_pb_column type=\u00bb1_2&#8243; _builder_version=\u00bb4.21.2&#8243; _module_preset=\u00bbdefault\u00bb global_colors_info=\u00bb{}\u00bb][et_pb_image src=\u00bbhttps:\/\/psicologaperu.com\/wp-content\/uploads\/2023\/08\/FOTO-SOBRE-MI.webp\u00bb title_text=\u00bbFOTO-SOBRE-MI\u00bb _builder_version=\u00bb4.21.2&#8243; _module_preset=\u00bbdefault\u00bb global_colors_info=\u00bb{}\u00bb][\/et_pb_image][\/et_pb_column][\/et_pb_row][\/et_pb_section]<\/p>\n","protected":false},"excerpt":{"rendered":"<p>Terapia psicol\u00f3gica para ni\u00f1os\/as y adolescentesAl equiparlos con habilidades emocionales y sociales, promuevo un crecimiento saludable, relaciones m\u00e1s gratificantes y una mayor resiliencia en el futuro.Este servicio brinda un espacio seguro y especializado para abordar los desaf\u00edos emocionales y conductuales que enfrentan en sus etapas de desarrollo. A trav\u00e9s de un enfoque terap\u00e9utico adaptado a [&hellip;]<\/p>\n","protected":false},"author":1,"featured_media":0,"parent":0,"menu_order":0,"comment_status":"closed","ping_status":"closed","template":"","meta":{"_et_pb_use_builder":"on","_et_pb_old_content":"","_et_gb_content_width":"","footnotes":""},"class_list":["post-105","page","type-page","status-publish","hentry"],"_links":{"self":[{"href":"https:\/\/psicologaperu.com\/index.php?rest_route=\/wp\/v2\/pages\/105","targetHints":{"allow":["GET"]}}],"collection":[{"href":"https:\/\/psicologaperu.com\/index.php?rest_route=\/wp\/v2\/pages"}],"about":[{"href":"https:\/\/psicologaperu.com\/index.php?rest_route=\/wp\/v2\/types\/page"}],"author":[{"embeddable":true,"href":"https:\/\/psicologaperu.com\/index.php?rest_route=\/wp\/v2\/users\/1"}],"replies":[{"embeddable":true,"href":"https:\/\/psicologaperu.com\/index.php?rest_route=%2Fwp%2Fv2%2Fcomments&post=105"}],"version-history":[{"count":12,"href":"https:\/\/psicologaperu.com\/index.php?rest_route=\/wp\/v2\/pages\/105\/revisions"}],"predecessor-version":[{"id":245,"href":"https:\/\/psicologaperu.com\/index.php?rest_route=\/wp\/v2\/pages\/105\/revisions\/245"}],"wp:attachment":[{"href":"https:\/\/psicologaperu.com\/index.php?rest_route=%2Fwp%2Fv2%2Fmedia&parent=105"}],"curies":[{"name":"wp","href":"https:\/\/api.w.org\/{rel}","templated":true}]}}